{"id":816,"date":"2020-06-22T23:20:13","date_gmt":"2020-06-22T21:20:13","guid":{"rendered":"http:\/\/www1.up.poznan.pl\/kzcid\/?page_id=816"},"modified":"2025-10-03T11:01:43","modified_gmt":"2025-10-03T09:01:43","slug":"julita-regula-2","status":"publish","type":"page","link":"http:\/\/www1.up.poznan.pl\/kzcid\/julita-regula-2\/","title":{"rendered":"Julita Regu\u0142a"},"content":{"rendered":"\r\n<div class=\"wp-block-group\">\r\n<div class=\"wp-block-group__inner-container\">\r\n<div class=\"wp-block-image personal-foto\">\r\n<figure class=\"alignleft size-medium\"><a href=\"http:\/\/www1.up.poznan.pl\/kzcid\/wp-content\/uploads\/2020\/06\/Julita-Regu\u0142a.jpg\"><img loading=\"lazy\" width=\"249\" height=\"300\" class=\"wp-image-794\" src=\"http:\/\/www1.up.poznan.pl\/kzcid\/wp-content\/uploads\/2020\/06\/Julita-Regu\u0142a-249x300.jpg\" alt=\"\" srcset=\"http:\/\/www1.up.poznan.pl\/kzcid\/wp-content\/uploads\/2020\/06\/Julita-Regu\u0142a-249x300.jpg 249w, http:\/\/www1.up.poznan.pl\/kzcid\/wp-content\/uploads\/2020\/06\/Julita-Regu\u0142a-849x1024.jpg 849w, http:\/\/www1.up.poznan.pl\/kzcid\/wp-content\/uploads\/2020\/06\/Julita-Regu\u0142a-768x926.jpg 768w, http:\/\/www1.up.poznan.pl\/kzcid\/wp-content\/uploads\/2020\/06\/Julita-Regu\u0142a-1274x1536.jpg 1274w, http:\/\/www1.up.poznan.pl\/kzcid\/wp-content\/uploads\/2020\/06\/Julita-Regu\u0142a-224x270.jpg 224w, http:\/\/www1.up.poznan.pl\/kzcid\/wp-content\/uploads\/2020\/06\/Julita-Regu\u0142a.jpg 1698w\" sizes=\"(max-width: 249px) 100vw, 249px\" \/><\/a><\/figure>\r\n<\/div>\r\n\r\n\r\n\r\n<p><strong>Stopie\u0144\/tytu\u0142:\u00a0<\/strong> prof. dr hab. in\u017c.<br \/><strong>Stanowisko:<\/strong> profesor\u00a0<\/p>\r\n\r\n\r\n\r\n<p><br \/><strong>Pok\u00f3j:\u00a0<\/strong>240<br \/><strong>Telefon:<\/strong> +48 61 8487339<br \/><strong>E-mail:<\/strong>\u00a0<a href=\"mailto:julita.regula@up.poznan.pl\">julita.regula@up.poznan.pl<\/a><br \/><strong>Termin konsultacji: <\/strong>do ustalenia indywidualnie<\/p>\r\n<\/div>\r\n<\/div>\r\n\r\n\r\n\r\n<h4>Wykszta\u0142cenie<\/h4>\r\n\r\n\r\n\r\n<p><strong>2023 <\/strong>profesor nauk rolniczych w dyscyplinie technologia \u017cywo\u015bci i \u017cywienia<\/p>\r\n<p><strong>2011<\/strong>\u00a0 doktor habilitowany in\u017cynier nauk rolniczych, \u017cywienie cz\u0142owieka, Uniwersytet Przyrodniczy w Poznaniu<\/p>\r\n\r\n\r\n\r\n<p><strong>2003<\/strong> doktor in\u017cynier nauk rolniczych, technologia \u017cywno\u015bci i \u017cywienia, Akademia Rolnicza im. A. Cieszkowskiego w Poznaniu\u00a0<\/p>\r\n\r\n\r\n\r\n<p><strong>1994<\/strong> magister in\u017cynier nauk rolniczych, \u017cywienie cz\u0142owieka, Akademia Rolnicza im. A. Cieszkowskiego w Poznaniu<\/p>\r\n\r\n\r\n\r\n<h4><strong>Zainteresowania badawcze<\/strong><\/h4>\r\n\r\n\r\n\r\n<ul>\r\n<li>ocena wsp\u00f3\u0142zale\u017cno\u015bci pomi\u0119dzy spo\u017cyciem sk\u0142adnik\u00f3w \u017cywno\u015bci a markerami stanu od\u017cywienia w kontek\u015bcie wyst\u0119powania i ryzyka chor\u00f3b niezaka\u017anych zwi\u0105zanych z nieprawid\u0142owym \u017cywieniem,<\/li>\r\n<li>ocena i efektywno\u015b\u0107 dzia\u0142ania sk\u0142adnik\u00f3w bioaktywnych z wybranych grzyb\u00f3w wy\u017cszych, ro\u015blin, owoc\u00f3w i zastosowanie ich jako dodatku do \u017cywno\u015bci o wysokiej aktywno\u015bci biologicznej,<\/li>\r\n<li>opracowanie receptur nowych produkt\u00f3w, charakteryzuj\u0105cych si\u0119 wysok\u0105 warto\u015bci\u0105 od\u017cywcz\u0105 i prozdrowotn\u0105 oraz ocena w warunkach in vivo i in vitro ich parametr\u00f3w og\u00f3lno\u017cywieniowych, strawno\u015bciowych i prozdrowotnych<\/li>\r\n<\/ul>\r\n\r\n\r\n\r\n<h4><strong>Wybrane publikacje<\/strong><\/h4>\r\n<p>Molska, M.; Regu\u0142a, J. Cultivation and Technological Value of Pseudocereals \u2013 Nutritional and Functional Aspect in the Context of a Gluten-free Diet. Journal of Research and Applications in Agricultural Engineering 2022, 67 (1):29-38, https:\/\/doi.org\/10.53502\/ZSPO1887<\/p>\r\n<p>Molska M, Regu\u0142a J, Grygier A, Muzsik-Kazimierska A, Rudzi\u0144ska M, Gramza-Micha\u0142owska A. Effect of the Addition of Buckwheat Sprouts Modified with the Addition of Saccharomyces cerevisiae var. boulardii to an Atherogenic Diet on the Metabolism of Sterols, Stanols and Fatty Acids in Rats. Molecules. 2022; 27(14):4394. https:\/\/doi.org\/10.3390\/molecules27144394<br \/><br \/>Molska, M.; Regu\u0142a, J.; Zieli\u0144ska-Dawidziak, M.; Tomczak, A.; \u015awieca, M. Starch and Protein Analysis in Buckwheat (Fagopyrum Esculentum Moench) Sprouts Enriched with Probiotic Yeast. LWT 2022, 168, 113903. https:\/\/doi: 10.1016\/j.lwt.2022.113903<\/p>\r\n\r\n\r\n\r\n<p>Angelika Smidowicz, Julita Regula. Effect of Nutritional Status and Dietary Patterns on human Serum C-Reactive Protein and Interleukin-6 Concentrations. Adv Nutr vol. 6: 738-747, 2015; doi:10.3945\/an.115.009415<br \/><br \/>Micha\u0142 \u015awieca, Julita Regu\u0142a, Joanna Suliburska, Urszula Z\u0142otek, Urszula Gawlik-Dziki. Effects of gluten-free breads, with varying functional supplements, on the biochemical parameters and antioxidant status of rat serum. Food Chemistry, 182, 1, 2015, 268\u2013274<br \/><br \/>Regula J., Krejpcio Z., Staniek H..Iron bioavailability from cereal products enriched with pleurotus ostreatus mushrooms in rats with induced anaemia. Ann Agric Environ Med. 2016; 23(2):310-314<br \/><br \/>Julita Regula, Joanna Suliburska, Marek Siwulski. Bioavailability and Digestibility of Nutrients from the Dried Oyster Culinary-Medicinal Mushroom, Pleurotus ostreatus (Agaricomycetes): In Vivo Experiments. International Journal of Medicinal Mushrooms, 18(8): 681\u2013688 (2016)<br \/><br \/>J. Regula, A. Cerba, J. Suliburska A. A. Tinkov. In Vitro Bioavailability of Calcium, Magnesium, Iron, Zinc, and Copper from Gluten-Free Breads Supplemented with Natural Additives. Biol. Trace Elem. Res. &#8211; 2018, vol. 181, 1, s. 140-146. doi: 10.1007\/s12011-017-1065-4<br \/><br \/>Rogaska A., Regula J., Krol E. 2020. The effect of diets including gluten-free bread enriched with natural additives on the content of calcium and magnesium in rats with deficiencies of these elements. J. Elem., 25(1): 21-34. DOI: 10.5601\/jelem.2019.24.2.1830<br \/><br \/>Micha\u0142 \u015awieca, Julita Regu\u0142a, Joanna Suliburska, Urszula Z\u0142otek, Urszula Gawlik-Dziki, Isabel M.P.L.V.O. Ferreira. Safeness of diets based on gluten-free buckwheat bread enriched with seeds and nuts-effect on oxidative and biochemical parameters in rat serum. Nutrients. &#8211; 2020, vol. 12, 1<br \/><br \/>Molska, M.; Regu\u0142a, J. Potential Mechanisms of Probiotics Action in the Prevention and Treatment of Colorectal Cancer. Nutrients 2019, 11, 2453 https:\/\/doi.org\/10.3390\/nu11102453<\/p>\r\n\r\n\r\n\r\n<p>&nbsp;<\/p>\r\n\r\n\r\n\r\n<p>&nbsp;<\/p>\r\n","protected":false},"excerpt":{"rendered":"<p>Wykszta\u0142cenie 2023 profesor nauk rolniczych w dyscyplinie technologia \u017cywo\u015bci i \u017cywienia 2011\u00a0 doktor habilitowany in\u017cynier nauk rolniczych, \u017cywienie cz\u0142owieka, Uniwersytet Przyrodniczy w Poznaniu 2003 doktor in\u017cynier nauk rolniczych, technologia \u017cywno\u015bci i \u017cywienia, Akademia Rolnicza im. A. Cieszkowskiego w Poznaniu\u00a0 1994&hellip;&nbsp;<a href=\"http:\/\/www1.up.poznan.pl\/kzcid\/julita-regula-2\/\" class=\"more-link\">Czytaj dalej<\/a><\/p>\n","protected":false},"author":1,"featured_media":0,"parent":0,"menu_order":0,"comment_status":"closed","ping_status":"closed","template":"","meta":[],"_links":{"self":[{"href":"http:\/\/www1.up.poznan.pl\/kzcid\/wp-json\/wp\/v2\/pages\/816"}],"collection":[{"href":"http:\/\/www1.up.poznan.pl\/kzcid\/wp-json\/wp\/v2\/pages"}],"about":[{"href":"http:\/\/www1.up.poznan.pl\/kzcid\/wp-json\/wp\/v2\/types\/page"}],"author":[{"embeddable":true,"href":"http:\/\/www1.up.poznan.pl\/kzcid\/wp-json\/wp\/v2\/users\/1"}],"replies":[{"embeddable":true,"href":"http:\/\/www1.up.poznan.pl\/kzcid\/wp-json\/wp\/v2\/comments?post=816"}],"version-history":[{"count":13,"href":"http:\/\/www1.up.poznan.pl\/kzcid\/wp-json\/wp\/v2\/pages\/816\/revisions"}],"predecessor-version":[{"id":2280,"href":"http:\/\/www1.up.poznan.pl\/kzcid\/wp-json\/wp\/v2\/pages\/816\/revisions\/2280"}],"wp:attachment":[{"href":"http:\/\/www1.up.poznan.pl\/kzcid\/wp-json\/wp\/v2\/media?parent=816"}],"curies":[{"name":"wp","href":"https:\/\/api.w.org\/{rel}","templated":true}]}}