{"id":416,"date":"2020-05-11T20:20:25","date_gmt":"2020-05-11T18:20:25","guid":{"rendered":"http:\/\/www1.up.poznan.pl\/kzcid\/?page_id=416"},"modified":"2026-04-10T13:04:26","modified_gmt":"2026-04-10T11:04:26","slug":"zespol-dietoprofilaktyki-i-badan-nad-nutraceutykami","status":"publish","type":"page","link":"http:\/\/www1.up.poznan.pl\/kzcid\/zespol-dietoprofilaktyki-i-badan-nad-nutraceutykami\/","title":{"rendered":"Zesp\u00f3\u0142 Dietoprofilaktyki i Bada\u0144 nad Nutraceutykami"},"content":{"rendered":"<p>&nbsp;<\/p>\n<table class=\"team-table\" style=\"width: 59.0913%;\">\n<tbody>\n<tr>\n<td style=\"width: 41.3265%;\" rowspan=\"2\"><a class=\"hoverZoomLink\" href=\"http:\/\/www1.up.poznan.pl\/kzcid\/wp-content\/uploads\/2020\/06\/Joanna-Bajerska-1.jpg\"><img loading=\"lazy\" class=\"hoverZoomLink aligncenter wp-image-791 size-thumbnail\" src=\"http:\/\/www1.up.poznan.pl\/kzcid\/wp-content\/uploads\/2020\/06\/Joanna-Bajerska-1-200x250.jpg\" alt=\"\" width=\"200\" height=\"250\" \/><\/a><\/td>\n<td class=\"person-name\" style=\"width: 57.483%;\"><strong>Joanna Bajerska<\/strong><\/td>\n<\/tr>\n<tr>\n<td class=\"person-desc\" style=\"width: 57.483%;\">prof. dr hab., kierownik zespo\u0142u<\/p>\n<p><strong>Pok\u00f3j:<\/strong> 230<br \/>\n<strong>Telefon:<\/strong> +48 61 848 7335<br \/>\n<strong>E-mail:<\/strong> <a href=\"mailto:joanna.bajerska@up.poznan.pl\"><span style=\"font-weight: 400;\">joanna.bajerska@up.poznan.pl<\/span><\/a><br \/>\n<strong>Termin konsultacji:<\/strong> do ustalenia indywidualnie<br \/>\n<a href=\"http:\/\/www1.up.poznan.pl\/kzcid\/joanna-bajerska\/\">wi\u0119cej&#8230;<\/a><\/td>\n<\/tr>\n<tr>\n<td style=\"width: 98.8095%;\" colspan=\"2\">\n<hr \/>\n<\/td>\n<\/tr>\n<tr>\n<td style=\"width: 41.3265%;\" rowspan=\"2\"><a class=\"hoverZoomLink\" href=\"http:\/\/www1.up.poznan.pl\/kzcid\/wp-content\/uploads\/2020\/06\/Julita-Regu\u0142a.jpg\"><img loading=\"lazy\" class=\"hoverZoomLink aligncenter wp-image-794 size-thumbnail\" src=\"http:\/\/www1.up.poznan.pl\/kzcid\/wp-content\/uploads\/2020\/06\/Julita-Regu\u0142a-200x250.jpg\" alt=\"\" width=\"200\" height=\"250\" \/><\/a><\/td>\n<td class=\"person-name\" style=\"width: 57.483%;\"><strong>Julita Regu\u0142a<\/strong><\/td>\n<\/tr>\n<tr>\n<td class=\"person-desc\" style=\"width: 57.483%;\"><span style=\"font-weight: 400;\">prof. dr hab. in\u017c<\/span>.<\/p>\n<p><strong>Pok\u00f3j:<\/strong> 240<br \/>\n<strong>Telefon:<\/strong> +48 61 848 7339<br \/>\n<strong>E-mail:<\/strong> <a href=\"mailto:julita.regula@up.poznan.pl\"><span style=\"font-weight: 400;\">julita.regula@up.poznan.pl<\/span><\/a><br \/>\n<strong>Termin konsultacji:<\/strong> do ustalenia indywidualnie<br \/>\n<a href=\"http:\/\/www1.up.poznan.pl\/kzcid\/julita-regula-2\/\">wi\u0119cej&#8230;<\/a><\/td>\n<\/tr>\n<tr>\n<td style=\"width: 98.8095%;\" colspan=\"2\">\n<hr \/>\n<\/td>\n<\/tr>\n<tr>\n<td style=\"width: 41.3265%;\" rowspan=\"2\"><a class=\"hoverZoomLink\" href=\"http:\/\/www1.up.poznan.pl\/kzcid\/wp-content\/uploads\/2020\/06\/Karolina-\u0141agowska.jpg\"><img loading=\"lazy\" class=\"hoverZoomLink aligncenter wp-image-795 size-thumbnail\" src=\"http:\/\/www1.up.poznan.pl\/kzcid\/wp-content\/uploads\/2020\/06\/Karolina-\u0141agowska-200x250.jpg\" alt=\"\" width=\"200\" height=\"250\" \/><\/a><\/td>\n<td class=\"person-name\" style=\"width: 57.483%;\"><strong>Karolina \u0141agowska<\/strong><\/td>\n<\/tr>\n<tr>\n<td class=\"person-desc\" style=\"width: 57.483%;\">dr hab. in\u017c., adiunkt<\/p>\n<p><strong>Pok\u00f3j:<\/strong> 238<br \/>\n<strong>Telefon:<\/strong> +48 61 846 6056<br \/>\n<strong>E-mail:<\/strong> <a href=\"mailto:karolina.lagowska@up.poznan.pl\" data-rich-text-format-boundary=\"true\">karolina.lagowska@up.poznan.pl<\/a><br \/>\n<strong>Termin konsultacji: <\/strong>\u015broda 11:30-12:30<br \/>\n<a href=\"http:\/\/www1.up.poznan.pl\/kzcid\/karolina-lagowska\/\">wi\u0119cej&#8230;<\/a><\/td>\n<\/tr>\n<tr>\n<td style=\"width: 98.8095%;\" colspan=\"2\">\n<hr \/>\n<\/td>\n<\/tr>\n<tr>\n<td style=\"width: 41.3265%;\" rowspan=\"2\"><img loading=\"lazy\" class=\"wp-image-783 aligncenter\" src=\"http:\/\/www1.up.poznan.pl\/kzcid\/wp-content\/uploads\/2020\/06\/Aleksandra-Bykowska-Derda-222x300.jpg\" alt=\"\" width=\"198\" height=\"268\" srcset=\"http:\/\/www1.up.poznan.pl\/kzcid\/wp-content\/uploads\/2020\/06\/Aleksandra-Bykowska-Derda-222x300.jpg 222w, http:\/\/www1.up.poznan.pl\/kzcid\/wp-content\/uploads\/2020\/06\/Aleksandra-Bykowska-Derda-759x1024.jpg 759w, http:\/\/www1.up.poznan.pl\/kzcid\/wp-content\/uploads\/2020\/06\/Aleksandra-Bykowska-Derda-768x1036.jpg 768w, http:\/\/www1.up.poznan.pl\/kzcid\/wp-content\/uploads\/2020\/06\/Aleksandra-Bykowska-Derda-1139x1536.jpg 1139w, http:\/\/www1.up.poznan.pl\/kzcid\/wp-content\/uploads\/2020\/06\/Aleksandra-Bykowska-Derda-200x270.jpg 200w, http:\/\/www1.up.poznan.pl\/kzcid\/wp-content\/uploads\/2020\/06\/Aleksandra-Bykowska-Derda.jpg 1518w\" sizes=\"(max-width: 198px) 100vw, 198px\" \/><\/td>\n<td style=\"width: 57.483%;\"><strong>Aleksandra Bykowska-Derda<\/strong><\/td>\n<\/tr>\n<tr>\n<td style=\"width: 57.483%;\">dr, specjalista<\/p>\n<p>&nbsp;<\/p>\n<p><strong>Pok\u00f3j:<\/strong> 425 WTD<br \/>\n<strong>Telefon:<\/strong> +48 61 846 6702<br \/>\n<strong>E-mail:<\/strong> <a href=\"aleksandra.derda@up.poznan.pl\" data-rich-text-format-boundary=\"true\">aleksandra.derda@up.poznan.pl<\/a><br \/>\n<strong>Terminy konsultacji:<\/strong> dost\u0119pne na MsTeams<\/td>\n<\/tr>\n<tr>\n<td style=\"width: 98.8095%;\" colspan=\"2\">\n<hr \/>\n<\/td>\n<\/tr>\n<tr>\n<td style=\"width: 41.3265%;\" rowspan=\"2\"><img loading=\"lazy\" class=\" wp-image-695 aligncenter\" src=\"http:\/\/www1.up.poznan.pl\/kzcid\/wp-content\/uploads\/2020\/06\/Ewa-Bulczak-241x300.jpg\" alt=\"\" width=\"194\" height=\"242\" srcset=\"http:\/\/www1.up.poznan.pl\/kzcid\/wp-content\/uploads\/2020\/06\/Ewa-Bulczak-241x300.jpg 241w, http:\/\/www1.up.poznan.pl\/kzcid\/wp-content\/uploads\/2020\/06\/Ewa-Bulczak-822x1024.jpg 822w, http:\/\/www1.up.poznan.pl\/kzcid\/wp-content\/uploads\/2020\/06\/Ewa-Bulczak-200x250.jpg 200w, http:\/\/www1.up.poznan.pl\/kzcid\/wp-content\/uploads\/2020\/06\/Ewa-Bulczak-768x957.jpg 768w, http:\/\/www1.up.poznan.pl\/kzcid\/wp-content\/uploads\/2020\/06\/Ewa-Bulczak-1232x1536.jpg 1232w, http:\/\/www1.up.poznan.pl\/kzcid\/wp-content\/uploads\/2020\/06\/Ewa-Bulczak-217x270.jpg 217w, http:\/\/www1.up.poznan.pl\/kzcid\/wp-content\/uploads\/2020\/06\/Ewa-Bulczak.jpg 1643w\" sizes=\"(max-width: 194px) 100vw, 194px\" \/><\/td>\n<td class=\"person-name\" style=\"width: 57.483%;\"><strong>Ewa Bulczak<\/strong><\/td>\n<\/tr>\n<tr>\n<td class=\"person-desc\" style=\"width: 57.483%;\">dr, asystent<\/p>\n<p><strong>Pok\u00f3j: <\/strong>331<br \/>\n<strong>Telefon:\u00a0<\/strong>+48 61 848 7306<br \/>\n<strong>E-mail: <\/strong><a href=\"mailto:ewa.bulczak@up.poznan.pl\">ewa.bulczak@up.poznan.pl<\/a><br \/>\n<strong>Termin konsultacji:<\/strong> \u015broda 10:00-11:00<\/td>\n<\/tr>\n<tr>\n<td style=\"width: 98.8095%;\" colspan=\"2\">\n<hr \/>\n<\/td>\n<\/tr>\n<tr>\n<td style=\"width: 41.3265%;\" rowspan=\"2\"><a class=\"hoverZoomLink\" href=\"http:\/\/www1.up.poznan.pl\/kzcid\/wp-content\/uploads\/2020\/10\/Pieczynska.jpg\"><img loading=\"lazy\" class=\"hoverZoomLink aligncenter wp-image-1101 size-thumbnail\" src=\"http:\/\/www1.up.poznan.pl\/kzcid\/wp-content\/uploads\/2020\/10\/Pieczynska-200x250.jpg\" alt=\"Joanna Pieczy\u0144ska\" width=\"200\" height=\"250\" \/><\/a><\/td>\n<td class=\"person-name\" style=\"width: 57.483%;\"><strong>Joanna Pieczy\u0144ska-Zaj\u0105c<\/strong><\/td>\n<\/tr>\n<tr>\n<td class=\"person-desc\" style=\"width: 57.483%;\">dr, asystent<\/p>\n<p><strong>Pok\u00f3j: <\/strong>230<br \/>\n<strong>Telefon:\u00a0<\/strong>+48 61 846 6056<br \/>\n<strong>E-mail: <\/strong><a href=\"mailto:joanna.pieczynska@up.poznan.pl\">joanna.pieczynska@up.poznan.pl<\/a><\/p>\n<p>&nbsp;<\/td>\n<\/tr>\n<tr>\n<td style=\"width: 98.8095%;\" colspan=\"2\">\n<hr \/>\n<\/td>\n<\/tr>\n<tr>\n<td style=\"width: 41.3265%;\" rowspan=\"2\"><img loading=\"lazy\" class=\"wp-image-2673 aligncenter\" src=\"http:\/\/www1.up.poznan.pl\/kzcid\/wp-content\/uploads\/2026\/04\/DSC_57351-239x300.jpg\" alt=\"\" width=\"189\" height=\"237\" srcset=\"http:\/\/www1.up.poznan.pl\/kzcid\/wp-content\/uploads\/2026\/04\/DSC_57351-239x300.jpg 239w, http:\/\/www1.up.poznan.pl\/kzcid\/wp-content\/uploads\/2026\/04\/DSC_57351-815x1024.jpg 815w, http:\/\/www1.up.poznan.pl\/kzcid\/wp-content\/uploads\/2026\/04\/DSC_57351-200x250.jpg 200w, http:\/\/www1.up.poznan.pl\/kzcid\/wp-content\/uploads\/2026\/04\/DSC_57351-768x965.jpg 768w, http:\/\/www1.up.poznan.pl\/kzcid\/wp-content\/uploads\/2026\/04\/DSC_57351-1223x1536.jpg 1223w, http:\/\/www1.up.poznan.pl\/kzcid\/wp-content\/uploads\/2026\/04\/DSC_57351-1630x2048.jpg 1630w, http:\/\/www1.up.poznan.pl\/kzcid\/wp-content\/uploads\/2026\/04\/DSC_57351-215x270.jpg 215w, http:\/\/www1.up.poznan.pl\/kzcid\/wp-content\/uploads\/2026\/04\/DSC_57351-scaled.jpg 2038w\" sizes=\"(max-width: 189px) 100vw, 189px\" \/><\/td>\n<td class=\"person-name\" style=\"width: 57.483%;\"><strong>Magdalena D\u0119bi\u0144ska-Kubiak<\/strong><\/td>\n<\/tr>\n<tr>\n<td class=\"person-desc\" style=\"width: 57.483%;\">mgr, doktorant<\/p>\n<p><strong>Pok\u00f3j: <\/strong>328.A<br \/>\n<strong>Telefon:\u00a0<\/strong>+48 61 848 7594<br \/>\n<strong>E-mail: <\/strong><a href=\"mailto:magdalena.debinska@up.poznan.pl\">magdalena.debinska@up.poznan.pl<\/a><\/p>\n<p>&nbsp;<\/td>\n<\/tr>\n<tr>\n<td style=\"width: 98.8095%;\" colspan=\"2\">\n<hr \/>\n<\/td>\n<\/tr>\n<tr>\n<td style=\"width: 41.3265%;\" rowspan=\"2\"><img loading=\"lazy\" class=\"wp-image-2554 aligncenter\" src=\"http:\/\/www1.up.poznan.pl\/kzcid\/wp-content\/uploads\/2025\/10\/DSC_4513_-2-200x300.jpg\" alt=\"\" width=\"182\" height=\"273\" srcset=\"http:\/\/www1.up.poznan.pl\/kzcid\/wp-content\/uploads\/2025\/10\/DSC_4513_-2-200x300.jpg 200w, http:\/\/www1.up.poznan.pl\/kzcid\/wp-content\/uploads\/2025\/10\/DSC_4513_-2-180x270.jpg 180w, http:\/\/www1.up.poznan.pl\/kzcid\/wp-content\/uploads\/2025\/10\/DSC_4513_-2.jpg 534w\" sizes=\"(max-width: 182px) 100vw, 182px\" \/><\/td>\n<td class=\"person-name\" style=\"width: 57.483%;\"><strong>Dagmara Ptaszy\u0144ska<\/strong><\/td>\n<\/tr>\n<tr>\n<td class=\"person-desc\" style=\"width: 57.483%;\">mgr, doktorant<\/p>\n<p><strong>Pok\u00f3j: <\/strong>328.A<br \/>\n<strong>Telefon:\u00a0<\/strong>+48 61 848 7594<br \/>\n<strong>E-mail: <\/strong><a href=\"mailto:dagmara.ptaszynska@up.poznan.pl\">dagmara.ptaszynska@up.poznan.pl<\/a><\/p>\n<p>&nbsp;<\/td>\n<\/tr>\n<tr>\n<td style=\"width: 98.8095%;\" colspan=\"2\">\n<hr \/>\n<\/td>\n<\/tr>\n<tr>\n<td style=\"width: 41.3265%;\" rowspan=\"2\"><img loading=\"lazy\" class=\" wp-image-2346 aligncenter\" src=\"http:\/\/www1.up.poznan.pl\/kzcid\/wp-content\/uploads\/2025\/03\/DSC09342-240x300.jpg\" alt=\"\" width=\"197\" height=\"246\" srcset=\"http:\/\/www1.up.poznan.pl\/kzcid\/wp-content\/uploads\/2025\/03\/DSC09342-240x300.jpg 240w, http:\/\/www1.up.poznan.pl\/kzcid\/wp-content\/uploads\/2025\/03\/DSC09342-819x1024.jpg 819w, http:\/\/www1.up.poznan.pl\/kzcid\/wp-content\/uploads\/2025\/03\/DSC09342-200x250.jpg 200w, http:\/\/www1.up.poznan.pl\/kzcid\/wp-content\/uploads\/2025\/03\/DSC09342-768x960.jpg 768w, http:\/\/www1.up.poznan.pl\/kzcid\/wp-content\/uploads\/2025\/03\/DSC09342-1229x1536.jpg 1229w, http:\/\/www1.up.poznan.pl\/kzcid\/wp-content\/uploads\/2025\/03\/DSC09342-216x270.jpg 216w, http:\/\/www1.up.poznan.pl\/kzcid\/wp-content\/uploads\/2025\/03\/DSC09342.jpg 1638w\" sizes=\"(max-width: 197px) 100vw, 197px\" \/><\/td>\n<td class=\"person-name\" style=\"width: 57.483%;\"><strong>Wiktoria Stanis\u0142awska<\/strong><\/td>\n<\/tr>\n<tr>\n<td class=\"person-desc\" style=\"width: 57.483%;\">mgr, asystent<\/p>\n<p><strong>Pok\u00f3j: <\/strong>230<br \/>\n<strong>Telefon:\u00a0<\/strong>+48 61 846 6056<br \/>\n<strong>E-mail: <\/strong><a href=\"mailto:wiktoria.stanislawska@up.poznan.pl\"><span data-olk-copy-source=\"MessageBody\">wiktoria.stanislawska@up.poznan.pl<\/span><\/a><br \/>\n<strong>Termin konsultacji:<\/strong> poniedzia\u0142ek 11:30-12:30 po wcze\u015bniejszym um\u00f3wieniu<\/p>\n<p>&nbsp;<\/td>\n<\/tr>\n<\/tbody>\n<\/table>\n<p>&nbsp;<\/p>\n","protected":false},"excerpt":{"rendered":"<p>&nbsp; Joanna Bajerska prof. dr hab., kierownik zespo\u0142u Pok\u00f3j: 230 Telefon: +48 61 848 7335 E-mail: joanna.bajerska@up.poznan.pl Termin konsultacji: do ustalenia indywidualnie wi\u0119cej&#8230; Julita Regu\u0142a prof. dr hab. in\u017c. Pok\u00f3j: 240 Telefon: +48 61 848 7339 E-mail: julita.regula@up.poznan.pl Termin konsultacji:&hellip;&nbsp;<a href=\"http:\/\/www1.up.poznan.pl\/kzcid\/zespol-dietoprofilaktyki-i-badan-nad-nutraceutykami\/\" class=\"more-link\">Czytaj dalej<\/a><\/p>\n","protected":false},"author":1,"featured_media":0,"parent":0,"menu_order":0,"comment_status":"closed","ping_status":"closed","template":"","meta":[],"_links":{"self":[{"href":"http:\/\/www1.up.poznan.pl\/kzcid\/wp-json\/wp\/v2\/pages\/416"}],"collection":[{"href":"http:\/\/www1.up.poznan.pl\/kzcid\/wp-json\/wp\/v2\/pages"}],"about":[{"href":"http:\/\/www1.up.poznan.pl\/kzcid\/wp-json\/wp\/v2\/types\/page"}],"author":[{"embeddable":true,"href":"http:\/\/www1.up.poznan.pl\/kzcid\/wp-json\/wp\/v2\/users\/1"}],"replies":[{"embeddable":true,"href":"http:\/\/www1.up.poznan.pl\/kzcid\/wp-json\/wp\/v2\/comments?post=416"}],"version-history":[{"count":80,"href":"http:\/\/www1.up.poznan.pl\/kzcid\/wp-json\/wp\/v2\/pages\/416\/revisions"}],"predecessor-version":[{"id":2676,"href":"http:\/\/www1.up.poznan.pl\/kzcid\/wp-json\/wp\/v2\/pages\/416\/revisions\/2676"}],"wp:attachment":[{"href":"http:\/\/www1.up.poznan.pl\/kzcid\/wp-json\/wp\/v2\/media?parent=416"}],"curies":[{"name":"wp","href":"https:\/\/api.w.org\/{rel}","templated":true}]}}