{"id":412,"date":"2020-05-11T20:18:50","date_gmt":"2020-05-11T18:18:50","guid":{"rendered":"http:\/\/www1.up.poznan.pl\/kzcid\/?page_id=412"},"modified":"2025-11-13T12:25:48","modified_gmt":"2025-11-13T11:25:48","slug":"zespol-dietetyki-ogolnej-i-dietetyki-sportowej","status":"publish","type":"page","link":"http:\/\/www1.up.poznan.pl\/kzcid\/zespol-dietetyki-ogolnej-i-dietetyki-sportowej\/","title":{"rendered":"Zesp\u00f3\u0142 Dietetyki Og\u00f3lnej i Dietetyki Sportowej"},"content":{"rendered":"<table class=\"team-table\" style=\"width: 829px;\">\n<tbody>\n<tr>\n<td style=\"width: 236px;\" rowspan=\"2\"><a class=\"hoverZoomLink\" href=\"http:\/\/www1.up.poznan.pl\/kzcid\/wp-content\/uploads\/2020\/06\/Ma\u0142gorzata-Wo\u017aniewicz.jpg\"><img loading=\"lazy\" class=\"aligncenter hoverZoomLink\" src=\"http:\/\/www1.up.poznan.pl\/kzcid\/wp-content\/uploads\/2020\/06\/Ma\u0142gorzata-Wo\u017aniewicz-200x250.jpg\" alt=\"\" width=\"200\" height=\"250\" \/><\/a><\/td>\n<td class=\"person-name\" style=\"width: 593px;\"><strong>Ma\u0142gorzata Wo\u017aniewicz<\/strong><\/td>\n<\/tr>\n<tr>\n<td class=\"person-desc\" style=\"width: 593px;\">dr hab., adiunkt, kierownik zespo\u0142u<\/p>\n<p>&nbsp;<\/p>\n<p><strong>Pok\u00f3j:<\/strong> 237<br \/>\n<strong>Telefon:<\/strong> +48 61 848 7338<br \/>\n<strong>E-mail:<\/strong> <a href=\"mailto:malgorzata.wozniewicz@up.poznan.pl\" data-rich-text-format-boundary=\"true\">malgorzata.wozniewicz@up.poznan.pl<\/a><br \/>\n<strong>Termin konsultacji:<\/strong> do ustalenia indywidualnie<br \/>\n<a href=\"http:\/\/www1.up.poznan.pl\/kzcid\/malgorzata-wozniewicz-2\/\">wi\u0119cej&#8230;<\/a><\/td>\n<\/tr>\n<tr>\n<td style=\"width: 829px;\" colspan=\"2\">\n<hr \/>\n<\/td>\n<\/tr>\n<tr>\n<td style=\"width: 236px;\" rowspan=\"2\"><a class=\"hoverZoomLink\" href=\"http:\/\/www1.up.poznan.pl\/kzcid\/wp-content\/uploads\/2020\/07\/Katarzyna-Wieczorowska-TobisZesp\u00f3\u0142BAdawczyDietetykiOg\u00f3lnej-i-DietetykiSportowej.png\"><img loading=\"lazy\" class=\"aligncenter hoverZoomLink\" src=\"http:\/\/www1.up.poznan.pl\/kzcid\/wp-content\/uploads\/2020\/07\/Katarzyna-Wieczorowska-TobisZesp\u00f3\u0142BAdawczyDietetykiOg\u00f3lnej-i-DietetykiSportowej-200x250.png\" alt=\"\" width=\"200\" height=\"250\" \/><\/a><\/td>\n<td class=\"person-name\" style=\"width: 593px;\"><strong>Katarzyna Wieczorowska-Tobis<\/strong><\/td>\n<\/tr>\n<tr>\n<td class=\"person-desc\" style=\"width: 593px;\">prof. dr hab. n. med., profesor emerytowany<\/p>\n<p>&nbsp;<\/p>\n<p><strong>Pok\u00f3j:<\/strong> 330<br \/>\n<strong>Telefon:<\/strong> +48 61 846 6051<br \/>\n<strong data-select-like-a-boss=\"1\">E-mail: <\/strong><a href=\"mailto:katarzyna.tobis@up.poznan.pl\">katarzyna.tobis@up.poznan.pl<\/a><\/td>\n<\/tr>\n<tr>\n<td style=\"width: 829px;\" colspan=\"2\">\n<hr \/>\n<\/td>\n<\/tr>\n<tr>\n<td style=\"width: 236px;\" rowspan=\"2\"><a class=\"hoverZoomLink\" href=\"http:\/\/www1.up.poznan.pl\/kzcid\/wp-content\/uploads\/2020\/06\/Magdalena-Cz\u0142apka-Matyasik-1.jpg\"><img loading=\"lazy\" class=\"aligncenter hoverZoomLink\" src=\"http:\/\/www1.up.poznan.pl\/kzcid\/wp-content\/uploads\/2020\/06\/Magdalena-Cz\u0142apka-Matyasik-1-200x250.jpg\" alt=\"\" width=\"200\" height=\"250\" \/><\/a><\/td>\n<td class=\"person-name\" style=\"width: 593px;\"><strong>Magdalena\u200c \u200cCz\u0142apka-Matyasik<\/strong><\/td>\n<\/tr>\n<tr>\n<td class=\"person-desc\" style=\"width: 593px;\">dr hab., adiunkt<\/p>\n<p>&nbsp;<\/p>\n<p><strong>Pok\u00f3j:<\/strong> 10B<br \/>\n<strong>Telefon:<\/strong> +48 61 846 6204<br \/>\n<strong>E-mail:<\/strong> <a href=\"mailto:magdalena.matyasik@up.poznan.pl\" data-rich-text-format-boundary=\"true\">magdalena.matyasik@up.poznan.pl<\/a><br \/>\n<strong>Termin konsultacji:<\/strong> poniedzia\u0142ek 9.00-11.00<br \/>\n<a href=\"http:\/\/www1.up.poznan.pl\/kzcid\/magdalena%e2%80%8c-%e2%80%8cczlapka-matyasik%e2%80%8c\/\">wi\u0119cej&#8230;<\/a><\/td>\n<\/tr>\n<tr>\n<td style=\"width: 829px;\" colspan=\"2\">\n<hr \/>\n<\/td>\n<\/tr>\n<tr>\n<td style=\"width: 236px;\" rowspan=\"2\"><a class=\"hoverZoomLink\" href=\"http:\/\/www1.up.poznan.pl\/kzcid\/wp-content\/uploads\/2020\/07\/Pawe\u0142-Juszczak-Zesp\u00f3\u0142BadawczyDietetykiOg\u00f3lnej-i-DIetetykiSportowej.jpg\"><img loading=\"lazy\" class=\"aligncenter hoverZoomLink\" src=\"http:\/\/www1.up.poznan.pl\/kzcid\/wp-content\/uploads\/2020\/07\/Pawe\u0142-Juszczak-Zesp\u00f3\u0142BadawczyDietetykiOg\u00f3lnej-i-DIetetykiSportowej-200x250.jpg\" alt=\"\" width=\"200\" height=\"250\" \/><\/a><\/td>\n<td class=\"person-name\" style=\"width: 593px;\"><b>Pawe\u0142 Juszczak<\/b><\/td>\n<\/tr>\n<tr>\n<td class=\"person-desc\" style=\"width: 593px;\">dr n. med., adiunkt<\/p>\n<p>&nbsp;<\/p>\n<p><strong>Pok\u00f3j:<\/strong> 331<br \/>\n<strong>Telefon:<\/strong> +48 61 848 7306<br \/>\n<strong>E-mail:<\/strong> <a href=\"mailto:pawel.juszczak@up.poznan.pl\">pawel.juszczak@up.poznan.pl<\/a><br \/>\n<strong>Termin konsultacji:<\/strong> poniedzia\u0142ek 15:00-17:00 (po wcze\u015bniejszym um\u00f3wieniu przez email)<br \/>\n<a href=\"http:\/\/www1.up.poznan.pl\/kzcid\/pawel-juszczak\/\">wi\u0119cej&#8230;<\/a><\/td>\n<\/tr>\n<tr>\n<td style=\"width: 829px;\" colspan=\"2\">\n<hr \/>\n<\/td>\n<\/tr>\n<tr>\n<td style=\"width: 236px;\" rowspan=\"2\"><a class=\"hoverZoomLink\" href=\"http:\/\/www1.up.poznan.pl\/kzcid\/wp-content\/uploads\/2020\/06\/Bogus\u0142aw-Stelcer.jpg\"><img loading=\"lazy\" class=\"hoverZoomLink aligncenter\" src=\"http:\/\/www1.up.poznan.pl\/kzcid\/wp-content\/uploads\/2020\/06\/Bogus\u0142aw-Stelcer-200x250.jpg\" alt=\"\" width=\"200\" height=\"250\" \/><\/a><\/td>\n<td class=\"person-name\" style=\"width: 593px;\"><strong>Bogus\u0142aw Stelcer<\/strong><\/td>\n<\/tr>\n<tr>\n<td class=\"person-desc\" style=\"width: 593px;\">dr, asystent<\/p>\n<p>&nbsp;<\/p>\n<p><strong>Pok\u00f3j:<\/strong> 330<br \/>\n<strong>Telefon:<\/strong> +48 61 846 6151<br \/>\n<strong>E-mail:<\/strong> <a href=\"mailto:boguslaw.stelcer@up.poznan.pl\">boguslaw.stelcer@up.poznan.pl<\/a><br \/>\n<strong>Termin konsultacji:<\/strong> wtorek 09:00-10:00<br \/>\n<a href=\"http:\/\/www1.up.poznan.pl\/kzcid\/boguslaw-stelcer-2\/\">wi\u0119cej&#8230;<\/a><\/td>\n<\/tr>\n<tr>\n<td style=\"width: 829px;\" colspan=\"2\">\n<hr \/>\n<\/td>\n<\/tr>\n<tr>\n<td style=\"width: 236px;\" rowspan=\"2\"><img loading=\"lazy\" class=\"alignnone size-medium wp-image-694\" src=\"http:\/\/www1.up.poznan.pl\/kzcid\/wp-content\/uploads\/2020\/06\/Emilia-Zawieja-232x300.jpg\" alt=\"\" width=\"232\" height=\"300\" srcset=\"http:\/\/www1.up.poznan.pl\/kzcid\/wp-content\/uploads\/2020\/06\/Emilia-Zawieja-232x300.jpg 232w, http:\/\/www1.up.poznan.pl\/kzcid\/wp-content\/uploads\/2020\/06\/Emilia-Zawieja-793x1024.jpg 793w, http:\/\/www1.up.poznan.pl\/kzcid\/wp-content\/uploads\/2020\/06\/Emilia-Zawieja-768x992.jpg 768w, http:\/\/www1.up.poznan.pl\/kzcid\/wp-content\/uploads\/2020\/06\/Emilia-Zawieja-1189x1536.jpg 1189w, http:\/\/www1.up.poznan.pl\/kzcid\/wp-content\/uploads\/2020\/06\/Emilia-Zawieja-209x270.jpg 209w, http:\/\/www1.up.poznan.pl\/kzcid\/wp-content\/uploads\/2020\/06\/Emilia-Zawieja.jpg 1585w\" sizes=\"(max-width: 232px) 100vw, 232px\" \/><\/td>\n<td class=\"person-name\" style=\"width: 593px;\"><strong>Emilia Zawieja<\/strong><\/td>\n<\/tr>\n<tr>\n<td class=\"person-desc\" style=\"width: 593px;\">dr, adiunkt<\/p>\n<p><strong>Pok\u00f3j: <\/strong>330<br \/>\n<strong>Telefon:<\/strong>+48 61 846 6151<br \/>\n<strong>E-mail: <\/strong><a href=\"mailto:emilia.zawieja@up.poznan.pl\">emilia.zawieja@up.poznan.pl<\/a><br \/>\n<strong>Termin konsultacji: <\/strong>wtorek 10:00-11:00<br \/>\n<a href=\"http:\/\/www1.up.poznan.pl\/kzcid\/emilia-zawieja-2\/\">wi\u0119cej&#8230;<\/a><\/td>\n<\/tr>\n<tr>\n<td style=\"width: 829px;\" colspan=\"2\">\n<hr \/>\n<\/td>\n<\/tr>\n<tr>\n<td style=\"width: 236px;\" rowspan=\"2\"><img loading=\"lazy\" class=\"alignnone wp-image-1854 size-medium\" src=\"http:\/\/www1.up.poznan.pl\/kzcid\/wp-content\/uploads\/2024\/03\/DSC_0551-223x300.jpg\" alt=\"\" width=\"223\" height=\"300\" srcset=\"http:\/\/www1.up.poznan.pl\/kzcid\/wp-content\/uploads\/2024\/03\/DSC_0551-223x300.jpg 223w, http:\/\/www1.up.poznan.pl\/kzcid\/wp-content\/uploads\/2024\/03\/DSC_0551-762x1024.jpg 762w, http:\/\/www1.up.poznan.pl\/kzcid\/wp-content\/uploads\/2024\/03\/DSC_0551-768x1032.jpg 768w, http:\/\/www1.up.poznan.pl\/kzcid\/wp-content\/uploads\/2024\/03\/DSC_0551-1143x1536.jpg 1143w, http:\/\/www1.up.poznan.pl\/kzcid\/wp-content\/uploads\/2024\/03\/DSC_0551-1524x2048.jpg 1524w, http:\/\/www1.up.poznan.pl\/kzcid\/wp-content\/uploads\/2024\/03\/DSC_0551-201x270.jpg 201w, http:\/\/www1.up.poznan.pl\/kzcid\/wp-content\/uploads\/2024\/03\/DSC_0551-scaled.jpg 1904w\" sizes=\"(max-width: 223px) 100vw, 223px\" \/><\/td>\n<td class=\"person-name\" style=\"width: 593px;\"><strong>Agnieszka Garbacz<br \/>\n<\/strong><\/td>\n<\/tr>\n<tr>\n<td class=\"person-desc\" style=\"width: 593px;\">mgr, doktorant<\/p>\n<p><strong>Pok\u00f3j: <\/strong>10<br \/>\n<strong>Telefon:<\/strong>+48 61 846 6205<br \/>\n<strong>E-mail: <\/strong><a href=\"mailto:agnieszka.garbacz@up.poznan.pl\">agnieszka.garbacz@up.poznan.pl<\/a><\/td>\n<\/tr>\n<tr>\n<td style=\"width: 829px;\" colspan=\"2\">\n<hr \/>\n<\/td>\n<\/tr>\n<tr>\n<td style=\"width: 236px;\" rowspan=\"2\"><a class=\"hoverZoomLink\" href=\"http:\/\/www1.up.poznan.pl\/kzcid\/wp-content\/uploads\/2020\/06\/Joanna-Lipi\u0144ska.jpg\"><img loading=\"lazy\" class=\"aligncenter size-thumbnail wp-image-792 hoverZoomLink\" src=\"http:\/\/www1.up.poznan.pl\/kzcid\/wp-content\/uploads\/2020\/06\/Joanna-Lipi\u0144ska-200x250.jpg\" alt=\"\" width=\"200\" height=\"250\" srcset=\"http:\/\/www1.up.poznan.pl\/kzcid\/wp-content\/uploads\/2020\/06\/Joanna-Lipi\u0144ska-200x250.jpg 200w, http:\/\/www1.up.poznan.pl\/kzcid\/wp-content\/uploads\/2020\/06\/Joanna-Lipi\u0144ska-240x300.jpg 240w, http:\/\/www1.up.poznan.pl\/kzcid\/wp-content\/uploads\/2020\/06\/Joanna-Lipi\u0144ska-819x1024.jpg 819w, http:\/\/www1.up.poznan.pl\/kzcid\/wp-content\/uploads\/2020\/06\/Joanna-Lipi\u0144ska-768x960.jpg 768w, http:\/\/www1.up.poznan.pl\/kzcid\/wp-content\/uploads\/2020\/06\/Joanna-Lipi\u0144ska-1229x1536.jpg 1229w, http:\/\/www1.up.poznan.pl\/kzcid\/wp-content\/uploads\/2020\/06\/Joanna-Lipi\u0144ska-216x270.jpg 216w, http:\/\/www1.up.poznan.pl\/kzcid\/wp-content\/uploads\/2020\/06\/Joanna-Lipi\u0144ska.jpg 1638w\" sizes=\"(max-width: 200px) 100vw, 200px\" \/><\/a><\/td>\n<td class=\"person-name\" style=\"width: 593px;\"><strong>Joanna Lipi\u0144ska<\/strong><\/td>\n<\/tr>\n<tr>\n<td class=\"person-desc\" style=\"width: 593px;\">mgr in\u017c., pracownik techniczny<\/p>\n<p>&nbsp;<\/p>\n<p><strong>Pok\u00f3j:\u00a0<\/strong>237<br \/>\n<strong>Telefon: <\/strong>+48 61 848 7338<br \/>\n<strong>E-mail:\u00a0<\/strong><a href=\"mailto:joanna.lipinska@up.poznan.pl\">joanna.lipinska@up.poznan.pl<\/a><\/td>\n<\/tr>\n<tr>\n<td style=\"width: 829px;\" colspan=\"2\">\n<hr \/>\n<\/td>\n<\/tr>\n<\/tbody>\n<\/table>\n","protected":false},"excerpt":{"rendered":"<p>Ma\u0142gorzata Wo\u017aniewicz dr hab., adiunkt, kierownik zespo\u0142u &nbsp; Pok\u00f3j: 237 Telefon: +48 61 848 7338 E-mail: malgorzata.wozniewicz@up.poznan.pl Termin konsultacji: do ustalenia indywidualnie wi\u0119cej&#8230; Katarzyna Wieczorowska-Tobis prof. dr hab. n. med., profesor emerytowany &nbsp; Pok\u00f3j: 330 Telefon: +48 61 846 6051&hellip;&nbsp;<a href=\"http:\/\/www1.up.poznan.pl\/kzcid\/zespol-dietetyki-ogolnej-i-dietetyki-sportowej\/\" class=\"more-link\">Czytaj dalej<\/a><\/p>\n","protected":false},"author":1,"featured_media":0,"parent":0,"menu_order":0,"comment_status":"closed","ping_status":"closed","template":"","meta":[],"_links":{"self":[{"href":"http:\/\/www1.up.poznan.pl\/kzcid\/wp-json\/wp\/v2\/pages\/412"}],"collection":[{"href":"http:\/\/www1.up.poznan.pl\/kzcid\/wp-json\/wp\/v2\/pages"}],"about":[{"href":"http:\/\/www1.up.poznan.pl\/kzcid\/wp-json\/wp\/v2\/types\/page"}],"author":[{"embeddable":true,"href":"http:\/\/www1.up.poznan.pl\/kzcid\/wp-json\/wp\/v2\/users\/1"}],"replies":[{"embeddable":true,"href":"http:\/\/www1.up.poznan.pl\/kzcid\/wp-json\/wp\/v2\/comments?post=412"}],"version-history":[{"count":77,"href":"http:\/\/www1.up.poznan.pl\/kzcid\/wp-json\/wp\/v2\/pages\/412\/revisions"}],"predecessor-version":[{"id":2600,"href":"http:\/\/www1.up.poznan.pl\/kzcid\/wp-json\/wp\/v2\/pages\/412\/revisions\/2600"}],"wp:attachment":[{"href":"http:\/\/www1.up.poznan.pl\/kzcid\/wp-json\/wp\/v2\/media?parent=412"}],"curies":[{"name":"wp","href":"https:\/\/api.w.org\/{rel}","templated":true}]}}